{"id":12092,"date":"2019-10-02T22:20:02","date_gmt":"2019-10-02T22:20:02","guid":{"rendered":"https:\/\/grupac.es\/?page_id=12092"},"modified":"2020-01-03T11:26:41","modified_gmt":"2020-01-03T11:26:41","slug":"enterprise","status":"publish","type":"page","link":"https:\/\/grupac.es\/fr\/enterprise\/","title":{"rendered":"Entreprise"},"content":{"rendered":"<p>[vc_row row_type=\u00a0\u00bbrow\u00a0\u00bb use_row_as_full_screen_section=\u00a0\u00bbno\u00a0\u00bb type=\u00a0\u00bbgrid\u00a0\u00bb oblique_section=\u00a0\u00bbno\u00a0\u00bb text_align=\u00a0\u00bbleft\u00a0\u00bb Overflow=\u00a0\u00bb\u00a0\u00bb triangle_shape=\u00a0\u00bbno\u00a0\u00bb padding_top=\u00a0\u00bb89&Prime; padding_bottom=\u00a0\u00bb43&Prime; css_animation=\u00a0\u00bb\u00a0\u00bb overflow=\u00a0\u00bb\u00a0\u00bb box_shadow_on_row=\u00a0\u00bbno\u00a0\u00bb][vc_column offset=\u00a0\u00bbvc_col-lg-4 vc_col-md-4&Prime;][vc_single_image image=\u00a0\u00bb11544&Prime; img_size=\u00a0\u00bbfull\u00a0\u00bb mkd_css_animation=\u00a0\u00bb\u00a0\u00bb set_shader=\u00a0\u00bbno\u00a0\u00bb set_popup=\u00a0\u00bbno\u00a0\u00bb animate_image_on_hover=\u00a0\u00bbno\u00a0\u00bb][vc_separator type=\u00a0\u00bbtransparent\u00a0\u00bb up=\u00a0\u00bb35&Prime; up_style=\u00a0\u00bbpx\u00a0\u00bb down=\u00a0\u00bb0&Prime; down_style=\u00a0\u00bbpx\u00a0\u00bb][vc_column_text]<\/p>\n<h6>HISTOIRE<\/h6>\n<p>[\/vc_column_text][vc_separator type=\u00a0\u00bbsmall\u00a0\u00bb position=\u00a0\u00bbleft\u00a0\u00bb color=\u00a0\u00bb#fb5e05&Prime; up=\u00a0\u00bb25&Prime; up_style=\u00a0\u00bbpx\u00a0\u00bb down=\u00a0\u00bb20&Prime; down_style=\u00a0\u00bbpx\u00a0\u00bb][vc_column_text]<\/p>\n<p style=\"text-align: justify;\">Nos origines remontent \u00e0 <strong>1973<\/strong> avec la Raison Sociale de \u00ab\u00a0Grupo de Estudios y Comercializaci\u00f3n de Productos Agricolas, S.A.\u00a0\u00bb Notre premier but \u00e9tait de servir la grande distribution fran\u00e7aise avec les agrumes de la Communaut\u00e9 Valencienne.<\/p>\n<p>&nbsp;<\/p>\n<p style=\"text-align: justify;\">Depuis plusieurs ann\u00e9es, maintenant sous notre d\u00e9nomination \u00ab\u00a0Grupo Agricola Grupac. S.A.\u00a0\u00bb, nous produisons, conditionnons et livrons nos clients, sur une large surface de l&rsquo;Europe, avec toute la gamme d&rsquo;oranges, citrons et petits agrumes dont cl\u00e9mentines, ainsi que fruits et l\u00e9gumes frais, sous nos marques \u00ab\u00a0GAMMA et GALAR\u00a0\u00bb<\/p>\n<p>[\/vc_column_text][vc_separator type=\u00a0\u00bbtransparent\u00a0\u00bb up=\u00a0\u00bb40&Prime; up_style=\u00a0\u00bbpx\u00a0\u00bb down=\u00a0\u00bb0&Prime; down_style=\u00a0\u00bbpx\u00a0\u00bb][\/vc_column][vc_column offset=\u00a0\u00bbvc_col-lg-4 vc_col-md-4&Prime;][vc_single_image image=\u00a0\u00bb11537&Prime; img_size=\u00a0\u00bbfull\u00a0\u00bb mkd_css_animation=\u00a0\u00bb\u00a0\u00bb set_shader=\u00a0\u00bbno\u00a0\u00bb set_popup=\u00a0\u00bbno\u00a0\u00bb animate_image_on_hover=\u00a0\u00bbno\u00a0\u00bb][vc_separator type=\u00a0\u00bbtransparent\u00a0\u00bb up=\u00a0\u00bb35&Prime; up_style=\u00a0\u00bbpx\u00a0\u00bb down=\u00a0\u00bb0&Prime; down_style=\u00a0\u00bbpx\u00a0\u00bb][vc_column_text]<\/p>\n<h6>PHILOSOPHIE<\/h6>\n<p>[\/vc_column_text][vc_separator type=\u00a0\u00bbsmall\u00a0\u00bb position=\u00a0\u00bbleft\u00a0\u00bb color=\u00a0\u00bb#fb5e05&Prime; up=\u00a0\u00bb25&Prime; up_style=\u00a0\u00bbpx\u00a0\u00bb down=\u00a0\u00bb20&Prime; down_style=\u00a0\u00bbpx\u00a0\u00bb][vc_column_text]<\/p>\n<p style=\"text-align: justify;\">Depuis notre d\u00e9part, notre but n&rsquo;a cess\u00e9 d&rsquo;am\u00e9liorer le service aupr\u00e8s de nos clients, de production jusqu&rsquo;\u00e1 la porte de ceux-ci. Nous apportons toute notre connaissance, afin que les fruits parviennent aux consommateurs dans les <strong>meilleures conditions et pr\u00e9sentations<\/strong>.<\/p>\n<p>&nbsp;<\/p>\n<p style=\"text-align: justify;\">Nous nous adaptons rapidement aux nouvelles exigences du secteur. Ce qui nous mobilise \u00e0 \u00eatre producteurs en Espagne et en dehors de celle-ci, en nous associant avec des partenaires du secteur qui ont les m\u00eames inqui\u00e9tudes que nous. Egalement tr\u00e8s sensibilis\u00e9s pour apporter les meilleurs produits, goutteux et salutaires, tout en respectant notre environnement.<\/p>\n<p>[\/vc_column_text][vc_separator type=\u00a0\u00bbtransparent\u00a0\u00bb up=\u00a0\u00bb40&Prime; up_style=\u00a0\u00bbpx\u00a0\u00bb down=\u00a0\u00bb0&Prime; down_style=\u00a0\u00bbpx\u00a0\u00bb][\/vc_column][vc_column offset=\u00a0\u00bbvc_col-lg-4 vc_col-md-4&Prime;][vc_single_image image=\u00a0\u00bb11560&Prime; img_size=\u00a0\u00bbfull\u00a0\u00bb mkd_css_animation=\u00a0\u00bb\u00a0\u00bb set_shader=\u00a0\u00bbno\u00a0\u00bb set_popup=\u00a0\u00bbno\u00a0\u00bb animate_image_on_hover=\u00a0\u00bbno\u00a0\u00bb][vc_separator type=\u00a0\u00bbtransparent\u00a0\u00bb up=\u00a0\u00bb35&Prime; up_style=\u00a0\u00bbpx\u00a0\u00bb down=\u00a0\u00bb0&Prime; down_style=\u00a0\u00bbpx\u00a0\u00bb][vc_column_text]<\/p>\n<h6>MARCHES<\/h6>\n<p>[\/vc_column_text][vc_separator type=\u00a0\u00bbsmall\u00a0\u00bb position=\u00a0\u00bbleft\u00a0\u00bb color=\u00a0\u00bb#fb5e05&Prime; up=\u00a0\u00bb25&Prime; up_style=\u00a0\u00bbpx\u00a0\u00bb down=\u00a0\u00bb20&Prime; down_style=\u00a0\u00bbpx\u00a0\u00bb][vc_column_text]<\/p>\n<p style=\"text-align: justify;\"><strong>Nous produisons, conditionnons et commercialisons<\/strong> une gamme de produits frais, destin\u00e9s \u00e0 la grande distribution, de m\u00eame qu&rsquo;aux importateurs et sp\u00e9cialistes en fruits et l\u00e9gumes.<\/p>\n<p>&nbsp;<\/p>\n<p style=\"text-align: justify;\">En plus, notre \u00e9ventail et volume \u00e0 la production, augmentent gr\u00e2ce \u00e0 notre r\u00e9seau de collaborateurs certifi\u00e9s qui, sous notre direction, viennent appuyer notre service journalier.<\/p>\n<p>[\/vc_column_text][vc_separator type=\u00a0\u00bbtransparent\u00a0\u00bb up=\u00a0\u00bb40&Prime; up_style=\u00a0\u00bbpx\u00a0\u00bb down=\u00a0\u00bb0&Prime; down_style=\u00a0\u00bbpx\u00a0\u00bb][\/vc_column][\/vc_row][vc_row row_type=\u00a0\u00bbrow\u00a0\u00bb use_row_as_full_screen_section=\u00a0\u00bbno\u00a0\u00bb type=\u00a0\u00bbgrid\u00a0\u00bb oblique_section=\u00a0\u00bbno\u00a0\u00bb text_align=\u00a0\u00bbleft\u00a0\u00bb Overflow=\u00a0\u00bb\u00a0\u00bb triangle_shape=\u00a0\u00bbno\u00a0\u00bb background_color=\u00a0\u00bb#f3f3f4&Prime; padding_top=\u00a0\u00bb87&Prime; padding_bottom=\u00a0\u00bb24&Prime; css_animation=\u00a0\u00bb\u00a0\u00bb overflow=\u00a0\u00bb\u00a0\u00bb box_shadow_on_row=\u00a0\u00bbno\u00a0\u00bb][vc_column width=\u00a0\u00bb1\/3&Prime; offset=\u00a0\u00bbvc_col-lg-4 vc_col-md-4&Prime;][vc_separator type=\u00a0\u00bbtransparent\u00a0\u00bb up=\u00a0\u00bb5&Prime; up_style=\u00a0\u00bbpx\u00a0\u00bb down=\u00a0\u00bb0&Prime; down_style=\u00a0\u00bbpx\u00a0\u00bb]<div class='mkd_icon_with_title tiny circle  icon_border_outline left clearfix' data-icon-hover-color=#ffffff data-icon-hover-background-color=#cacccd ><div class=\"icon_holder  \" style=\"margin: -10px 5px 0px 0px; \"><div class=\"icon_holder_inner\"><a class=\"icon_with_title_link\" href=\"#\" target=\"_self\"><span class=\"mkd_icon_stack mkd_tiny_icon  outline_enlarge  custom-font\" style=\"font-size: 18px;color: #ffffff;width: 44px;height: 44px;line-height: 44px;background-color: #fb5e05;\"><i class=\"mkd_icon_simple_line_icon icon-badge icon_text_icon mkd_icon_stack_1x\" style=\"font-size: 18px;\" ><\/i><span class=\"animation_overlay\" style=\"box-shadow: 0 0 0 1px #cacccd;width: 44px;height: 44px;\"><\/span><\/span><\/a><\/div><\/div><div class=\"icon_text_holder\" style=\"padding-left: 63px;\"><a class=\"icon_with_title_link\" href=\"#\" target=\"_self\"><div class=\"icon_title_inner_holder\"><h6 class=\"icon_title \" style=\"margin-bottom: 14px;\">QUALIT\u00c9<\/h6><\/div><\/a><div class=\"icon_text_inner\"><p style=''>Grupac poss\u00e8de les certificats de qualit\u00e9 suivants:<\/p><\/div><\/div><\/div>[\/vc_column][vc_column width=\u00a0\u00bb1\/3&Prime; offset=\u00a0\u00bbvc_col-lg-4 vc_col-md-4&Prime;][vc_single_image image=\u00a0\u00bb11531&Prime; img_size=\u00a0\u00bbfull\u00a0\u00bb onclick=\u00a0\u00bbcustom_link\u00a0\u00bb img_link_target=\u00a0\u00bb_blank\u00a0\u00bb mkd_css_animation=\u00a0\u00bb\u00a0\u00bb set_shader=\u00a0\u00bbno\u00a0\u00bb set_popup=\u00a0\u00bbno\u00a0\u00bb animate_image_on_hover=\u00a0\u00bbno\u00a0\u00bb link=\u00a0\u00bbhttps:\/\/grupac.es\/wp-content\/uploads\/2019\/09\/20190904_101312.pdf\u00a0\u00bb][\/vc_column][vc_column width=\u00a0\u00bb1\/3&Prime;][vc_single_image image=\u00a0\u00bb11534&Prime; img_size=\u00a0\u00bbfull\u00a0\u00bb onclick=\u00a0\u00bbcustom_link\u00a0\u00bb img_link_target=\u00a0\u00bb_blank\u00a0\u00bb mkd_css_animation=\u00a0\u00bb\u00a0\u00bb set_shader=\u00a0\u00bbno\u00a0\u00bb set_popup=\u00a0\u00bbno\u00a0\u00bb animate_image_on_hover=\u00a0\u00bbno\u00a0\u00bb link=\u00a0\u00bbhttps:\/\/grupac.es\/wp-content\/uploads\/2019\/09\/20190904_101427.pdf\u00a0\u00bb][\/vc_column][\/vc_row]<\/p>\n","protected":false},"excerpt":{"rendered":"<p>[vc_row row_type=\u00a0\u00bbrow\u00a0\u00bb use_row_as_full_screen_section=\u00a0\u00bbno\u00a0\u00bb type=\u00a0\u00bbgrid\u00a0\u00bb oblique_section=\u00a0\u00bbno\u00a0\u00bb text_align=\u00a0\u00bbleft\u00a0\u00bb Overflow=\u00a0\u00bb\u00a0\u00bb triangle_shape=\u00a0\u00bbno\u00a0\u00bb padding_top=\u00a0\u00bb89&Prime; padding_bottom=\u00a0\u00bb43&Prime; css_animation=\u00a0\u00bb\u00a0\u00bb overflow=\u00a0\u00bb\u00a0\u00bb box_shadow_on_row=\u00a0\u00bbno\u00a0\u00bb][vc_column offset=\u00a0\u00bbvc_col-lg-4 vc_col-md-4&Prime;][vc_single_image image=\u00a0\u00bb11544&Prime; img_size=\u00a0\u00bbfull\u00a0\u00bb mkd_css_animation=\u00a0\u00bb\u00a0\u00bb set_shader=\u00a0\u00bbno\u00a0\u00bb set_popup=\u00a0\u00bbno\u00a0\u00bb animate_image_on_hover=\u00a0\u00bbno\u00a0\u00bb][vc_separator type=\u00a0\u00bbtransparent\u00a0\u00bb up=\u00a0\u00bb35&Prime; up_style=\u00a0\u00bbpx\u00a0\u00bb down=\u00a0\u00bb0&Prime; down_style=\u00a0\u00bbpx\u00a0\u00bb][vc_column_text] HISTOIRE [\/vc_column_text][vc_separator type=\u00a0\u00bbsmall\u00a0\u00bb position=\u00a0\u00bbleft\u00a0\u00bb color=\u00a0\u00bb#fb5e05&Prime; up=\u00a0\u00bb25&Prime; up_style=\u00a0\u00bbpx\u00a0\u00bb down=\u00a0\u00bb20&Prime; down_style=\u00a0\u00bbpx\u00a0\u00bb][vc_column_text] Nos origines remontent \u00e0 1973 avec la Raison Sociale de&#8230;<\/p>\n","protected":false},"author":2,"featured_media":0,"parent":0,"menu_order":0,"comment_status":"open","ping_status":"closed","template":"full_width.php","meta":{"footnotes":""},"yoast_head":"<!-- This site is optimized with the Yoast SEO plugin v21.4 - https:\/\/yoast.com\/wordpress\/plugins\/seo\/ -->\n<title>Entreprise - grupac.es<\/title>\n<meta name=\"robots\" content=\"index, follow, max-snippet:-1, max-image-preview:large, max-video-preview:-1\" \/>\n<link rel=\"canonical\" href=\"https:\/\/grupac.es\/fr\/enterprise\/\" \/>\n<meta property=\"og:locale\" content=\"fr_FR\" \/>\n<meta property=\"og:type\" content=\"article\" \/>\n<meta property=\"og:title\" content=\"Entreprise - grupac.es\" \/>\n<meta property=\"og:description\" content=\"[vc_row row_type=\u00a0\u00bbrow\u00a0\u00bb use_row_as_full_screen_section=\u00a0\u00bbno\u00a0\u00bb type=\u00a0\u00bbgrid\u00a0\u00bb oblique_section=\u00a0\u00bbno\u00a0\u00bb text_align=\u00a0\u00bbleft\u00a0\u00bb Overflow=\u00a0\u00bb\u00a0\u00bb triangle_shape=\u00a0\u00bbno\u00a0\u00bb padding_top=\u00a0\u00bb89&Prime; padding_bottom=\u00a0\u00bb43&Prime; css_animation=\u00a0\u00bb\u00a0\u00bb overflow=\u00a0\u00bb\u00a0\u00bb box_shadow_on_row=\u00a0\u00bbno\u00a0\u00bb][vc_column offset=\u00a0\u00bbvc_col-lg-4 vc_col-md-4&Prime;][vc_single_image image=\u00a0\u00bb11544&Prime; img_size=\u00a0\u00bbfull\u00a0\u00bb mkd_css_animation=\u00a0\u00bb\u00a0\u00bb set_shader=\u00a0\u00bbno\u00a0\u00bb set_popup=\u00a0\u00bbno\u00a0\u00bb animate_image_on_hover=\u00a0\u00bbno\u00a0\u00bb][vc_separator type=\u00a0\u00bbtransparent\u00a0\u00bb up=\u00a0\u00bb35&Prime; up_style=\u00a0\u00bbpx\u00a0\u00bb down=\u00a0\u00bb0&Prime; down_style=\u00a0\u00bbpx\u00a0\u00bb][vc_column_text] HISTOIRE [\/vc_column_text][vc_separator type=\u00a0\u00bbsmall\u00a0\u00bb position=\u00a0\u00bbleft\u00a0\u00bb color=\u00a0\u00bb#fb5e05&Prime; up=\u00a0\u00bb25&Prime; up_style=\u00a0\u00bbpx\u00a0\u00bb down=\u00a0\u00bb20&Prime; down_style=\u00a0\u00bbpx\u00a0\u00bb][vc_column_text] Nos origines remontent \u00e0 1973 avec la Raison Sociale de...\" \/>\n<meta property=\"og:url\" content=\"https:\/\/grupac.es\/fr\/enterprise\/\" \/>\n<meta property=\"og:site_name\" content=\"grupac.es\" \/>\n<meta property=\"article:modified_time\" content=\"2020-01-03T11:26:41+00:00\" \/>\n<meta name=\"twitter:card\" content=\"summary_large_image\" \/>\n<meta name=\"twitter:label1\" content=\"Dur\u00e9e de lecture estim\u00e9e\" \/>\n\t<meta name=\"twitter:data1\" content=\"4 minutes\" \/>\n<script type=\"application\/ld+json\" class=\"yoast-schema-graph\">{\"@context\":\"https:\/\/schema.org\",\"@graph\":[{\"@type\":\"WebPage\",\"@id\":\"https:\/\/grupac.es\/fr\/enterprise\/\",\"url\":\"https:\/\/grupac.es\/fr\/enterprise\/\",\"name\":\"Entreprise - grupac.es\",\"isPartOf\":{\"@id\":\"https:\/\/grupac.es\/fr\/#website\"},\"datePublished\":\"2019-10-02T22:20:02+00:00\",\"dateModified\":\"2020-01-03T11:26:41+00:00\",\"breadcrumb\":{\"@id\":\"https:\/\/grupac.es\/fr\/enterprise\/#breadcrumb\"},\"inLanguage\":\"fr-FR\",\"potentialAction\":[{\"@type\":\"ReadAction\",\"target\":[\"https:\/\/grupac.es\/fr\/enterprise\/\"]}]},{\"@type\":\"BreadcrumbList\",\"@id\":\"https:\/\/grupac.es\/fr\/enterprise\/#breadcrumb\",\"itemListElement\":[{\"@type\":\"ListItem\",\"position\":1,\"name\":\"Portada\",\"item\":\"https:\/\/grupac.es\/fr\/\"},{\"@type\":\"ListItem\",\"position\":2,\"name\":\"Entreprise\"}]},{\"@type\":\"WebSite\",\"@id\":\"https:\/\/grupac.es\/fr\/#website\",\"url\":\"https:\/\/grupac.es\/fr\/\",\"name\":\"grupac.es\",\"description\":\"Grupo Agricola\",\"potentialAction\":[{\"@type\":\"SearchAction\",\"target\":{\"@type\":\"EntryPoint\",\"urlTemplate\":\"https:\/\/grupac.es\/fr\/?s={search_term_string}\"},\"query-input\":\"required name=search_term_string\"}],\"inLanguage\":\"fr-FR\"}]}<\/script>\n<!-- \/ Yoast SEO plugin. -->","yoast_head_json":{"title":"Entreprise - grupac.es","robots":{"index":"index","follow":"follow","max-snippet":"max-snippet:-1","max-image-preview":"max-image-preview:large","max-video-preview":"max-video-preview:-1"},"canonical":"https:\/\/grupac.es\/fr\/enterprise\/","og_locale":"fr_FR","og_type":"article","og_title":"Entreprise - grupac.es","og_description":"[vc_row row_type=\u00a0\u00bbrow\u00a0\u00bb use_row_as_full_screen_section=\u00a0\u00bbno\u00a0\u00bb type=\u00a0\u00bbgrid\u00a0\u00bb oblique_section=\u00a0\u00bbno\u00a0\u00bb text_align=\u00a0\u00bbleft\u00a0\u00bb Overflow=\u00a0\u00bb\u00a0\u00bb triangle_shape=\u00a0\u00bbno\u00a0\u00bb padding_top=\u00a0\u00bb89&Prime; padding_bottom=\u00a0\u00bb43&Prime; css_animation=\u00a0\u00bb\u00a0\u00bb overflow=\u00a0\u00bb\u00a0\u00bb box_shadow_on_row=\u00a0\u00bbno\u00a0\u00bb][vc_column offset=\u00a0\u00bbvc_col-lg-4 vc_col-md-4&Prime;][vc_single_image image=\u00a0\u00bb11544&Prime; img_size=\u00a0\u00bbfull\u00a0\u00bb mkd_css_animation=\u00a0\u00bb\u00a0\u00bb set_shader=\u00a0\u00bbno\u00a0\u00bb set_popup=\u00a0\u00bbno\u00a0\u00bb animate_image_on_hover=\u00a0\u00bbno\u00a0\u00bb][vc_separator type=\u00a0\u00bbtransparent\u00a0\u00bb up=\u00a0\u00bb35&Prime; up_style=\u00a0\u00bbpx\u00a0\u00bb down=\u00a0\u00bb0&Prime; down_style=\u00a0\u00bbpx\u00a0\u00bb][vc_column_text] HISTOIRE [\/vc_column_text][vc_separator type=\u00a0\u00bbsmall\u00a0\u00bb position=\u00a0\u00bbleft\u00a0\u00bb color=\u00a0\u00bb#fb5e05&Prime; up=\u00a0\u00bb25&Prime; up_style=\u00a0\u00bbpx\u00a0\u00bb down=\u00a0\u00bb20&Prime; down_style=\u00a0\u00bbpx\u00a0\u00bb][vc_column_text] Nos origines remontent \u00e0 1973 avec la Raison Sociale de...","og_url":"https:\/\/grupac.es\/fr\/enterprise\/","og_site_name":"grupac.es","article_modified_time":"2020-01-03T11:26:41+00:00","twitter_card":"summary_large_image","twitter_misc":{"Dur\u00e9e de lecture estim\u00e9e":"4 minutes"},"schema":{"@context":"https:\/\/schema.org","@graph":[{"@type":"WebPage","@id":"https:\/\/grupac.es\/fr\/enterprise\/","url":"https:\/\/grupac.es\/fr\/enterprise\/","name":"Entreprise - grupac.es","isPartOf":{"@id":"https:\/\/grupac.es\/fr\/#website"},"datePublished":"2019-10-02T22:20:02+00:00","dateModified":"2020-01-03T11:26:41+00:00","breadcrumb":{"@id":"https:\/\/grupac.es\/fr\/enterprise\/#breadcrumb"},"inLanguage":"fr-FR","potentialAction":[{"@type":"ReadAction","target":["https:\/\/grupac.es\/fr\/enterprise\/"]}]},{"@type":"BreadcrumbList","@id":"https:\/\/grupac.es\/fr\/enterprise\/#breadcrumb","itemListElement":[{"@type":"ListItem","position":1,"name":"Portada","item":"https:\/\/grupac.es\/fr\/"},{"@type":"ListItem","position":2,"name":"Entreprise"}]},{"@type":"WebSite","@id":"https:\/\/grupac.es\/fr\/#website","url":"https:\/\/grupac.es\/fr\/","name":"grupac.es","description":"Grupo Agricola","potentialAction":[{"@type":"SearchAction","target":{"@type":"EntryPoint","urlTemplate":"https:\/\/grupac.es\/fr\/?s={search_term_string}"},"query-input":"required name=search_term_string"}],"inLanguage":"fr-FR"}]}},"_links":{"self":[{"href":"https:\/\/grupac.es\/fr\/wp-json\/wp\/v2\/pages\/12092"}],"collection":[{"href":"https:\/\/grupac.es\/fr\/wp-json\/wp\/v2\/pages"}],"about":[{"href":"https:\/\/grupac.es\/fr\/wp-json\/wp\/v2\/types\/page"}],"author":[{"embeddable":true,"href":"https:\/\/grupac.es\/fr\/wp-json\/wp\/v2\/users\/2"}],"replies":[{"embeddable":true,"href":"https:\/\/grupac.es\/fr\/wp-json\/wp\/v2\/comments?post=12092"}],"version-history":[{"count":5,"href":"https:\/\/grupac.es\/fr\/wp-json\/wp\/v2\/pages\/12092\/revisions"}],"predecessor-version":[{"id":12351,"href":"https:\/\/grupac.es\/fr\/wp-json\/wp\/v2\/pages\/12092\/revisions\/12351"}],"wp:attachment":[{"href":"https:\/\/grupac.es\/fr\/wp-json\/wp\/v2\/media?parent=12092"}],"curies":[{"name":"wp","href":"https:\/\/api.w.org\/{rel}","templated":true}]}}