{"id":12194,"date":"2019-10-02T23:20:49","date_gmt":"2019-10-02T23:20:49","guid":{"rendered":"https:\/\/grupac.es\/?page_id=12194"},"modified":"2019-10-02T23:24:45","modified_gmt":"2019-10-02T23:24:45","slug":"calendrier-des-legumes-frais","status":"publish","type":"page","link":"https:\/\/grupac.es\/fr\/calendrier-des-legumes-frais\/","title":{"rendered":"CALENDRIER DES LEGUMES FRAIS"},"content":{"rendered":"<p>[vc_row row_type=\u00a0\u00bbrow\u00a0\u00bb use_row_as_full_screen_section=\u00a0\u00bbno\u00a0\u00bb type=\u00a0\u00bbgrid\u00a0\u00bb oblique_section=\u00a0\u00bbno\u00a0\u00bb text_align=\u00a0\u00bbcenter\u00a0\u00bb Overflow=\u00a0\u00bb\u00a0\u00bb triangle_shape=\u00a0\u00bbno\u00a0\u00bb padding_top=\u00a0\u00bb80&Prime; padding_bottom=\u00a0\u00bb40&Prime; css_animation=\u00a0\u00bb\u00a0\u00bb overflow=\u00a0\u00bb\u00a0\u00bb box_shadow_on_row=\u00a0\u00bbno\u00a0\u00bb][vc_column]<div class=\"mkd_separator_with_icon with_icon  center \" style=\"margin-top:0px;margin-bottom:0px\"><div class=\"mkd_icon_holder\" style=\"bottom:-19px;\"><div class=\"mkd_separator_icon_holder\"><div class=\"mkd_line_before\"  style=\"border:none;\"><\/div><span class=\"mkd_icon_shade mkd_icon_shortcode simple_line_icons circle   \" data-hover-background-color=#fe4743  style=\"background-color: #fb5e05;border-width: 0px!important; border-style:solid;line-height:38px;width:38px;height:38px;\"><i class=\"mkd_icon_simple_line_icon icon-star \" style=\"color: #ffffff;line-height:38px;font-size: 20px; \" data-color=\"#ffffff\" data-hover-color=\"#ffffff\" ><\/i><\/span><div class=\"mkd_line_after\"  style=\"border:none;\"><\/div><\/div><\/div><\/div>[no_elements_holder background_color=\u00a0\u00bb#f3f3f4&Prime; number_of_columns=\u00a0\u00bbone_column\u00a0\u00bb switch_to_one_column=\u00a0\u00bb\u00a0\u00bb alignment_one_column=\u00a0\u00bbcenter\u00a0\u00bb][no_elements_holder_item background_color=\u00a0\u00bb#f3f3f4&Prime; item_padding=\u00a0\u00bb48px 75px 52px 75px\u00a0\u00bb aligment=\u00a0\u00bbcenter\u00a0\u00bb vertical_alignment=\u00a0\u00bbmiddle\u00a0\u00bb advanced_animations=\u00a0\u00bbno\u00a0\u00bb item_padding_1300_1600=\u00a0\u00bb48px 75px 52px 75px\u00a0\u00bb item_padding_600_768=\u00a0\u00bb8% 3% 7% 3%\u00a0\u00bb item_padding_480_600=\u00a0\u00bb11% 5% 10% 5%\u00a0\u00bb item_padding_480=\u00a0\u00bb16% 5% 10% 5%\u00a0\u00bb elemnts_holder_frame=\u00a0\u00bbno\u00a0\u00bb item_padding_1000_1300=\u00a0\u00bb48px 75px 52px 75px\u00a0\u00bb item_padding_768_1000=\u00a0\u00bb8% 3% 8% 3%\u00a0\u00bb][vc_column_text]<\/p>\n<h5 style=\"text-align: center;\"><strong>De production jusqu&rsquo;\u00e0 vos mains en un temps record<\/strong>. Les plus belles pr\u00e9sentations de l\u00e9gumes frais du Sud-Est espagnol qui, par des moyens de logistique adapt\u00e9e, nous permet de vous servir, par envois fractionn\u00e9s, mixtes ou par camions complets.<\/h5>\n<p>[\/vc_column_text][\/no_elements_holder_item][\/no_elements_holder][\/vc_column][\/vc_row][vc_row row_type=\u00a0\u00bbrow\u00a0\u00bb use_row_as_full_screen_section=\u00a0\u00bbno\u00a0\u00bb type=\u00a0\u00bbgrid\u00a0\u00bb oblique_section=\u00a0\u00bbno\u00a0\u00bb text_align=\u00a0\u00bbleft\u00a0\u00bb Overflow=\u00a0\u00bb\u00a0\u00bb triangle_shape=\u00a0\u00bbno\u00a0\u00bb padding_bottom=\u00a0\u00bb50&Prime; css_animation=\u00a0\u00bb\u00a0\u00bb overflow=\u00a0\u00bb\u00a0\u00bb box_shadow_on_row=\u00a0\u00bbno\u00a0\u00bb][vc_column offset=\u00a0\u00bbvc_col-lg-12 vc_col-md-12&Prime;][vc_single_image image=\u00a0\u00bb12205&Prime; img_size=\u00a0\u00bbfull\u00a0\u00bb onclick=\u00a0\u00bblink_image\u00a0\u00bb mkd_css_animation=\u00a0\u00bbelement_from_bottom\u00a0\u00bb set_shader=\u00a0\u00bbno\u00a0\u00bb set_popup=\u00a0\u00bbno\u00a0\u00bb animate_image_on_hover=\u00a0\u00bbno\u00a0\u00bb][vc_separator type=\u00a0\u00bbtransparent\u00a0\u00bb up=\u00a0\u00bb60&Prime; up_style=\u00a0\u00bbpx\u00a0\u00bb down=\u00a0\u00bb0&Prime; down_style=\u00a0\u00bbpx\u00a0\u00bb][\/vc_column][\/vc_row]<\/p>\n","protected":false},"excerpt":{"rendered":"<p>[vc_row row_type=\u00a0\u00bbrow\u00a0\u00bb use_row_as_full_screen_section=\u00a0\u00bbno\u00a0\u00bb type=\u00a0\u00bbgrid\u00a0\u00bb oblique_section=\u00a0\u00bbno\u00a0\u00bb text_align=\u00a0\u00bbcenter\u00a0\u00bb Overflow=\u00a0\u00bb\u00a0\u00bb triangle_shape=\u00a0\u00bbno\u00a0\u00bb padding_top=\u00a0\u00bb80&Prime; padding_bottom=\u00a0\u00bb40&Prime; css_animation=\u00a0\u00bb\u00a0\u00bb overflow=\u00a0\u00bb\u00a0\u00bb box_shadow_on_row=\u00a0\u00bbno\u00a0\u00bb][vc_column][no_elements_holder background_color=\u00a0\u00bb#f3f3f4&Prime; number_of_columns=\u00a0\u00bbone_column\u00a0\u00bb switch_to_one_column=\u00a0\u00bb\u00a0\u00bb alignment_one_column=\u00a0\u00bbcenter\u00a0\u00bb][no_elements_holder_item background_color=\u00a0\u00bb#f3f3f4&Prime; item_padding=\u00a0\u00bb48px 75px 52px 75px\u00a0\u00bb aligment=\u00a0\u00bbcenter\u00a0\u00bb vertical_alignment=\u00a0\u00bbmiddle\u00a0\u00bb advanced_animations=\u00a0\u00bbno\u00a0\u00bb item_padding_1300_1600=\u00a0\u00bb48px 75px 52px 75px\u00a0\u00bb item_padding_600_768=\u00a0\u00bb8% 3% 7% 3%\u00a0\u00bb item_padding_480_600=\u00a0\u00bb11% 5% 10% 5%\u00a0\u00bb item_padding_480=\u00a0\u00bb16% 5% 10% 5%\u00a0\u00bb elemnts_holder_frame=\u00a0\u00bbno\u00a0\u00bb item_padding_1000_1300=\u00a0\u00bb48px 75px 52px&#8230;<\/p>\n","protected":false},"author":2,"featured_media":0,"parent":0,"menu_order":0,"comment_status":"open","ping_status":"closed","template":"full_width.php","meta":{"footnotes":""},"yoast_head":"<!-- This site is optimized with the Yoast SEO plugin v21.4 - https:\/\/yoast.com\/wordpress\/plugins\/seo\/ -->\n<title>CALENDRIER DES LEGUMES FRAIS - grupac.es<\/title>\n<meta name=\"robots\" content=\"index, follow, max-snippet:-1, max-image-preview:large, max-video-preview:-1\" \/>\n<link rel=\"canonical\" href=\"https:\/\/grupac.es\/fr\/calendrier-des-legumes-frais\/\" \/>\n<meta property=\"og:locale\" content=\"fr_FR\" \/>\n<meta property=\"og:type\" content=\"article\" \/>\n<meta property=\"og:title\" content=\"CALENDRIER DES LEGUMES FRAIS - grupac.es\" \/>\n<meta property=\"og:description\" content=\"[vc_row row_type=\u00a0\u00bbrow\u00a0\u00bb use_row_as_full_screen_section=\u00a0\u00bbno\u00a0\u00bb type=\u00a0\u00bbgrid\u00a0\u00bb oblique_section=\u00a0\u00bbno\u00a0\u00bb text_align=\u00a0\u00bbcenter\u00a0\u00bb Overflow=\u00a0\u00bb\u00a0\u00bb triangle_shape=\u00a0\u00bbno\u00a0\u00bb padding_top=\u00a0\u00bb80&Prime; padding_bottom=\u00a0\u00bb40&Prime; css_animation=\u00a0\u00bb\u00a0\u00bb overflow=\u00a0\u00bb\u00a0\u00bb box_shadow_on_row=\u00a0\u00bbno\u00a0\u00bb][vc_column][no_elements_holder background_color=\u00a0\u00bb#f3f3f4&Prime; number_of_columns=\u00a0\u00bbone_column\u00a0\u00bb switch_to_one_column=\u00a0\u00bb\u00a0\u00bb alignment_one_column=\u00a0\u00bbcenter\u00a0\u00bb][no_elements_holder_item background_color=\u00a0\u00bb#f3f3f4&Prime; item_padding=\u00a0\u00bb48px 75px 52px 75px\u00a0\u00bb aligment=\u00a0\u00bbcenter\u00a0\u00bb vertical_alignment=\u00a0\u00bbmiddle\u00a0\u00bb advanced_animations=\u00a0\u00bbno\u00a0\u00bb item_padding_1300_1600=\u00a0\u00bb48px 75px 52px 75px\u00a0\u00bb item_padding_600_768=\u00a0\u00bb8% 3% 7% 3%\u00a0\u00bb item_padding_480_600=\u00a0\u00bb11% 5% 10% 5%\u00a0\u00bb item_padding_480=\u00a0\u00bb16% 5% 10% 5%\u00a0\u00bb elemnts_holder_frame=\u00a0\u00bbno\u00a0\u00bb item_padding_1000_1300=\u00a0\u00bb48px 75px 52px...\" \/>\n<meta property=\"og:url\" content=\"https:\/\/grupac.es\/fr\/calendrier-des-legumes-frais\/\" \/>\n<meta property=\"og:site_name\" content=\"grupac.es\" \/>\n<meta property=\"article:modified_time\" content=\"2019-10-02T23:24:45+00:00\" \/>\n<meta name=\"twitter:card\" content=\"summary_large_image\" \/>\n<meta name=\"twitter:label1\" content=\"Dur\u00e9e de lecture estim\u00e9e\" \/>\n\t<meta name=\"twitter:data1\" content=\"2 minutes\" \/>\n<script type=\"application\/ld+json\" class=\"yoast-schema-graph\">{\"@context\":\"https:\/\/schema.org\",\"@graph\":[{\"@type\":\"WebPage\",\"@id\":\"https:\/\/grupac.es\/fr\/calendrier-des-legumes-frais\/\",\"url\":\"https:\/\/grupac.es\/fr\/calendrier-des-legumes-frais\/\",\"name\":\"CALENDRIER DES LEGUMES FRAIS - grupac.es\",\"isPartOf\":{\"@id\":\"https:\/\/grupac.es\/fr\/#website\"},\"datePublished\":\"2019-10-02T23:20:49+00:00\",\"dateModified\":\"2019-10-02T23:24:45+00:00\",\"breadcrumb\":{\"@id\":\"https:\/\/grupac.es\/fr\/calendrier-des-legumes-frais\/#breadcrumb\"},\"inLanguage\":\"fr-FR\",\"potentialAction\":[{\"@type\":\"ReadAction\",\"target\":[\"https:\/\/grupac.es\/fr\/calendrier-des-legumes-frais\/\"]}]},{\"@type\":\"BreadcrumbList\",\"@id\":\"https:\/\/grupac.es\/fr\/calendrier-des-legumes-frais\/#breadcrumb\",\"itemListElement\":[{\"@type\":\"ListItem\",\"position\":1,\"name\":\"Portada\",\"item\":\"https:\/\/grupac.es\/fr\/\"},{\"@type\":\"ListItem\",\"position\":2,\"name\":\"CALENDRIER DES LEGUMES FRAIS\"}]},{\"@type\":\"WebSite\",\"@id\":\"https:\/\/grupac.es\/fr\/#website\",\"url\":\"https:\/\/grupac.es\/fr\/\",\"name\":\"grupac.es\",\"description\":\"Grupo Agricola\",\"potentialAction\":[{\"@type\":\"SearchAction\",\"target\":{\"@type\":\"EntryPoint\",\"urlTemplate\":\"https:\/\/grupac.es\/fr\/?s={search_term_string}\"},\"query-input\":\"required name=search_term_string\"}],\"inLanguage\":\"fr-FR\"}]}<\/script>\n<!-- \/ Yoast SEO plugin. -->","yoast_head_json":{"title":"CALENDRIER DES LEGUMES FRAIS - grupac.es","robots":{"index":"index","follow":"follow","max-snippet":"max-snippet:-1","max-image-preview":"max-image-preview:large","max-video-preview":"max-video-preview:-1"},"canonical":"https:\/\/grupac.es\/fr\/calendrier-des-legumes-frais\/","og_locale":"fr_FR","og_type":"article","og_title":"CALENDRIER DES LEGUMES FRAIS - grupac.es","og_description":"[vc_row row_type=\u00a0\u00bbrow\u00a0\u00bb use_row_as_full_screen_section=\u00a0\u00bbno\u00a0\u00bb type=\u00a0\u00bbgrid\u00a0\u00bb oblique_section=\u00a0\u00bbno\u00a0\u00bb text_align=\u00a0\u00bbcenter\u00a0\u00bb Overflow=\u00a0\u00bb\u00a0\u00bb triangle_shape=\u00a0\u00bbno\u00a0\u00bb padding_top=\u00a0\u00bb80&Prime; padding_bottom=\u00a0\u00bb40&Prime; css_animation=\u00a0\u00bb\u00a0\u00bb overflow=\u00a0\u00bb\u00a0\u00bb box_shadow_on_row=\u00a0\u00bbno\u00a0\u00bb][vc_column][no_elements_holder background_color=\u00a0\u00bb#f3f3f4&Prime; number_of_columns=\u00a0\u00bbone_column\u00a0\u00bb switch_to_one_column=\u00a0\u00bb\u00a0\u00bb alignment_one_column=\u00a0\u00bbcenter\u00a0\u00bb][no_elements_holder_item background_color=\u00a0\u00bb#f3f3f4&Prime; item_padding=\u00a0\u00bb48px 75px 52px 75px\u00a0\u00bb aligment=\u00a0\u00bbcenter\u00a0\u00bb vertical_alignment=\u00a0\u00bbmiddle\u00a0\u00bb advanced_animations=\u00a0\u00bbno\u00a0\u00bb item_padding_1300_1600=\u00a0\u00bb48px 75px 52px 75px\u00a0\u00bb item_padding_600_768=\u00a0\u00bb8% 3% 7% 3%\u00a0\u00bb item_padding_480_600=\u00a0\u00bb11% 5% 10% 5%\u00a0\u00bb item_padding_480=\u00a0\u00bb16% 5% 10% 5%\u00a0\u00bb elemnts_holder_frame=\u00a0\u00bbno\u00a0\u00bb item_padding_1000_1300=\u00a0\u00bb48px 75px 52px...","og_url":"https:\/\/grupac.es\/fr\/calendrier-des-legumes-frais\/","og_site_name":"grupac.es","article_modified_time":"2019-10-02T23:24:45+00:00","twitter_card":"summary_large_image","twitter_misc":{"Dur\u00e9e de lecture estim\u00e9e":"2 minutes"},"schema":{"@context":"https:\/\/schema.org","@graph":[{"@type":"WebPage","@id":"https:\/\/grupac.es\/fr\/calendrier-des-legumes-frais\/","url":"https:\/\/grupac.es\/fr\/calendrier-des-legumes-frais\/","name":"CALENDRIER DES LEGUMES FRAIS - grupac.es","isPartOf":{"@id":"https:\/\/grupac.es\/fr\/#website"},"datePublished":"2019-10-02T23:20:49+00:00","dateModified":"2019-10-02T23:24:45+00:00","breadcrumb":{"@id":"https:\/\/grupac.es\/fr\/calendrier-des-legumes-frais\/#breadcrumb"},"inLanguage":"fr-FR","potentialAction":[{"@type":"ReadAction","target":["https:\/\/grupac.es\/fr\/calendrier-des-legumes-frais\/"]}]},{"@type":"BreadcrumbList","@id":"https:\/\/grupac.es\/fr\/calendrier-des-legumes-frais\/#breadcrumb","itemListElement":[{"@type":"ListItem","position":1,"name":"Portada","item":"https:\/\/grupac.es\/fr\/"},{"@type":"ListItem","position":2,"name":"CALENDRIER DES LEGUMES FRAIS"}]},{"@type":"WebSite","@id":"https:\/\/grupac.es\/fr\/#website","url":"https:\/\/grupac.es\/fr\/","name":"grupac.es","description":"Grupo Agricola","potentialAction":[{"@type":"SearchAction","target":{"@type":"EntryPoint","urlTemplate":"https:\/\/grupac.es\/fr\/?s={search_term_string}"},"query-input":"required name=search_term_string"}],"inLanguage":"fr-FR"}]}},"_links":{"self":[{"href":"https:\/\/grupac.es\/fr\/wp-json\/wp\/v2\/pages\/12194"}],"collection":[{"href":"https:\/\/grupac.es\/fr\/wp-json\/wp\/v2\/pages"}],"about":[{"href":"https:\/\/grupac.es\/fr\/wp-json\/wp\/v2\/types\/page"}],"author":[{"embeddable":true,"href":"https:\/\/grupac.es\/fr\/wp-json\/wp\/v2\/users\/2"}],"replies":[{"embeddable":true,"href":"https:\/\/grupac.es\/fr\/wp-json\/wp\/v2\/comments?post=12194"}],"version-history":[{"count":3,"href":"https:\/\/grupac.es\/fr\/wp-json\/wp\/v2\/pages\/12194\/revisions"}],"predecessor-version":[{"id":12208,"href":"https:\/\/grupac.es\/fr\/wp-json\/wp\/v2\/pages\/12194\/revisions\/12208"}],"wp:attachment":[{"href":"https:\/\/grupac.es\/fr\/wp-json\/wp\/v2\/media?parent=12194"}],"curies":[{"name":"wp","href":"https:\/\/api.w.org\/{rel}","templated":true}]}}